{"id":14,"date":"2024-09-27T20:02:27","date_gmt":"2024-09-27T20:02:27","guid":{"rendered":"https:\/\/culturalallianceforthepresentationofthearts.org\/?page_id=14"},"modified":"2025-01-25T20:37:11","modified_gmt":"2025-01-25T20:37:11","slug":"about-us","status":"publish","type":"page","link":"https:\/\/culturalallianceforthepresentationofthearts.org\/es\/about-us\/","title":{"rendered":"Sobre nosotros"},"content":{"rendered":"<div data-elementor-type=\"wp-page\" data-elementor-id=\"14\" class=\"elementor elementor-14\">\n\t\t\t\t<div class=\"elementor-element elementor-element-185ee8c e-flex e-con-boxed e-con e-parent\" data-id=\"185ee8c\" data-element_type=\"container\" data-e-type=\"container\">\n\t\t\t\t\t<div class=\"e-con-inner\">\n\t\t<div class=\"elementor-element elementor-element-5a23f31 e-con-full e-flex e-con e-child\" data-id=\"5a23f31\" data-element_type=\"container\" data-e-type=\"container\">\n\t\t\t\t<div class=\"elementor-element elementor-element-e997d4b elementor-widget elementor-widget-heading\" data-id=\"e997d4b\" data-element_type=\"widget\" data-e-type=\"widget\" data-widget_type=\"heading.default\">\n\t\t\t\t<div class=\"elementor-widget-container\">\n\t\t\t\t\t<h2 class=\"elementor-heading-title elementor-size-default\">About Us!<\/h2>\t\t\t\t<\/div>\n\t\t\t\t<\/div>\n\t\t\t\t<div class=\"elementor-element elementor-element-dec9be5 elementor-widget elementor-widget-text-editor\" data-id=\"dec9be5\" data-element_type=\"widget\" data-e-type=\"widget\" data-widget_type=\"text-editor.default\">\n\t\t\t\t<div class=\"elementor-widget-container\">\n\t\t\t\t\t\t\t\t\t<p>Armando Alvarez and Angela Esquivel, passionate about art and nature, have for decades supported art and culture in our city of Miami Florida, USA. A multicultural city full of color and life, which is why in 2015 they created the Paseo de las Artes, a successful theater and cultural events complex that operated for years. At that time, the Alliance for the Presentation of the Arts was born from the cultural hand, a 501 C3 foundation with which they began doing events dedicated to homeless animals, dogs and cats, being neighbors of Miami Dade Animal Services, seeing the problem in that area where these animals are often abandoned by their owners, leaving them on the streets, this is how this couple of philanthropists began to work with their own resources rescuing and feeding abandoned animals and in the same way they sought the veterinary support of Miami Dade County Animal Services to sterilize them, vaccinate them and give them the best possible quality of life, creating the &#8220;Angel Real Love&#8221; sanctuary where there are currently old, blind and sick animals that they both care for and other younger animals that they foster and currently work on events with artists and content creators to find permanent homes for said animals, with the idea of &#8220;responsible adoption&#8221; to give better living conditions to said animals and that they will become a member of the family. With the support of artists and creators &#8220;Art with Mission&#8221; being proactive, looking for a solution to this problem, which often becomes a health problem for our community, this is how they want to convey a message that educates, raises awareness and inspires, being part of the solution, inviting the community to &#8220;Adopt, don&#8217;t buy&#8221; at a time when our planet is going through difficult times. Esta pareja invita a las personas que quieran cambiar su relaci\u00f3n con la naturaleza partiendo que peque\u00f1os actos pueden generar grandes cambios, es as\u00ed como nace el movimiento de paseo por la vida, un movimiento &#8220;Second Chance&#8221; un movimiento que limpia pl\u00e1sticos &nbsp;y desechos en nuestras playas y bah\u00edas de Miami, reciclando, rehusando, reutilizando, trabajando en la econom\u00eda y arte circular. En el camino han encontrado \u00e1ngeles que se unen a su misi\u00f3n y hoy son parte del &nbsp;Board director. This couple invites people who want to change their relationship with nature, assuming that small actions can generate big changes. This is how the &#8220;Second Chance&#8221; movement was born, a movement that cleans up plastics and waste on our beaches and bays in Miami, recycling, reusing, reusing, working on the circular economy and art. Along the way, they have found angels who join their mission and today are part of the Board of Directors. With the support of the artists and creators &#8220;Art with a Mission&#8221; being proactive, looking for a solution to this problem, which often becomes a health problem for our community, this is how they want to carry a message that educates, raises awareness and inspires, being part of the solution, inviting the community to &#8220;Adopt, don&#8217;t buy&#8221; at a time when our planet is going through difficult times. This couple invites people who want to change their relationship with nature, starting from the idea that small actions can generate big changes. This is how the &#8220;Second Chance&#8221; movement was born, a movement that cleans up plastics and waste on our beaches and bays in Miami, recycling, reusing, reusing, working on the circular economy and art. Along the way, they have found angels who join their mission and today are part of the Board of Directors.<\/p>\t\t\t\t\t\t\t\t<\/div>\n\t\t\t\t<\/div>\n\t\t\t\t<\/div>\n\t\t<div class=\"elementor-element elementor-element-53f5442 e-con-full e-flex e-con e-child\" data-id=\"53f5442\" data-element_type=\"container\" data-e-type=\"container\">\n\t\t\t\t<\/div>\n\t\t\t\t\t<\/div>\n\t\t\t\t<\/div>\n\t\t<div class=\"elementor-element elementor-element-68f75ed e-flex e-con-boxed e-con e-parent\" data-id=\"68f75ed\" data-element_type=\"container\" data-e-type=\"container\">\n\t\t\t\t\t<div class=\"e-con-inner\">\n\t\t<div class=\"elementor-element elementor-element-006c959 e-con-full e-flex e-con e-child\" data-id=\"006c959\" data-element_type=\"container\" data-e-type=\"container\">\n\t\t\t\t<div class=\"elementor-element elementor-element-bc7e1df elementor-widget elementor-widget-heading\" data-id=\"bc7e1df\" data-element_type=\"widget\" data-e-type=\"widget\" data-widget_type=\"heading.default\">\n\t\t\t\t<div class=\"elementor-widget-container\">\n\t\t\t\t\t<h2 class=\"elementor-heading-title elementor-size-default\">Angela Esquivel<\/h2>\t\t\t\t<\/div>\n\t\t\t\t<\/div>\n\t\t\t\t<div class=\"elementor-element elementor-element-e160a72 elementor-widget elementor-widget-image\" data-id=\"e160a72\" data-element_type=\"widget\" data-e-type=\"widget\" data-widget_type=\"image.default\">\n\t\t\t\t<div class=\"elementor-widget-container\">\n\t\t\t\t\t\t\t\t\t\t\t\t\t\t\t<img fetchpriority=\"high\" decoding=\"async\" width=\"200\" height=\"300\" src=\"https:\/\/culturalallianceforthepresentationofthearts.org\/wp-content\/uploads\/2024\/11\/4-200x300.jpg\" class=\"attachment-medium size-medium wp-image-137\" alt=\"\" srcset=\"https:\/\/culturalallianceforthepresentationofthearts.org\/wp-content\/uploads\/2024\/11\/4-200x300.jpg 200w, https:\/\/culturalallianceforthepresentationofthearts.org\/wp-content\/uploads\/2024\/11\/4-683x1024.jpg 683w, https:\/\/culturalallianceforthepresentationofthearts.org\/wp-content\/uploads\/2024\/11\/4-768x1152.jpg 768w, https:\/\/culturalallianceforthepresentationofthearts.org\/wp-content\/uploads\/2024\/11\/4-1024x1536.jpg 1024w, https:\/\/culturalallianceforthepresentationofthearts.org\/wp-content\/uploads\/2024\/11\/4-1365x2048.jpg 1365w, https:\/\/culturalallianceforthepresentationofthearts.org\/wp-content\/uploads\/2024\/11\/4-scaled.jpg 1707w\" sizes=\"(max-width: 200px) 100vw, 200px\" \/>\t\t\t\t\t\t\t\t\t\t\t\t\t\t\t<\/div>\n\t\t\t\t<\/div>\n\t\t\t\t<div class=\"elementor-element elementor-element-3a320be elementor-widget elementor-widget-text-editor\" data-id=\"3a320be\" data-element_type=\"widget\" data-e-type=\"widget\" data-widget_type=\"text-editor.default\">\n\t\t\t\t<div class=\"elementor-widget-container\">\n\t\t\t\t\t\t\t\t\t<p>Angela Esquivel Colombo American, social communicator, model, representative of her country Colombia, in several beauty pageants, graduated in social communication and journalism. She is an activist who has worked all her life for those in need, businesswoman and founder of Solare Tropical Furniture where she worked as a designer of furniture and decorative accessories, later executive producer of events with national and international artists creating Solare Garden and thus founded the Paseo de las Artes. This led her to create the art foundation Cultural Alliance for the Presentation of the Arts where with a troop of artists and content creators she works to educate, raise awareness and inspire the community for respect for animals and our nature with art in a harmonious way &#8220;Art with a Mission&#8221; currently working on a line of sustainable jewelry and fashion to give a message.<\/p>\t\t\t\t\t\t\t\t<\/div>\n\t\t\t\t<\/div>\n\t\t\t\t<\/div>\n\t\t<div class=\"elementor-element elementor-element-f5c66d3 e-con-full e-flex e-con e-child\" data-id=\"f5c66d3\" data-element_type=\"container\" data-e-type=\"container\">\n\t\t\t\t<div class=\"elementor-element elementor-element-2e485e4 elementor-widget elementor-widget-heading\" data-id=\"2e485e4\" data-element_type=\"widget\" data-e-type=\"widget\" data-widget_type=\"heading.default\">\n\t\t\t\t<div class=\"elementor-widget-container\">\n\t\t\t\t\t<h2 class=\"elementor-heading-title elementor-size-default\">Armando Alvarez<\/h2>\t\t\t\t<\/div>\n\t\t\t\t<\/div>\n\t\t\t\t<div class=\"elementor-element elementor-element-e1efa8c elementor-widget elementor-widget-image\" data-id=\"e1efa8c\" data-element_type=\"widget\" data-e-type=\"widget\" data-widget_type=\"image.default\">\n\t\t\t\t<div class=\"elementor-widget-container\">\n\t\t\t\t\t\t\t\t\t\t\t\t\t\t\t<img decoding=\"async\" width=\"200\" height=\"300\" src=\"https:\/\/culturalallianceforthepresentationofthearts.org\/wp-content\/uploads\/2024\/11\/IMG_6855-200x300.jpg\" class=\"attachment-medium size-medium wp-image-138\" alt=\"\" srcset=\"https:\/\/culturalallianceforthepresentationofthearts.org\/wp-content\/uploads\/2024\/11\/IMG_6855-200x300.jpg 200w, https:\/\/culturalallianceforthepresentationofthearts.org\/wp-content\/uploads\/2024\/11\/IMG_6855-683x1024.jpg 683w, https:\/\/culturalallianceforthepresentationofthearts.org\/wp-content\/uploads\/2024\/11\/IMG_6855-768x1152.jpg 768w, https:\/\/culturalallianceforthepresentationofthearts.org\/wp-content\/uploads\/2024\/11\/IMG_6855-1024x1536.jpg 1024w, https:\/\/culturalallianceforthepresentationofthearts.org\/wp-content\/uploads\/2024\/11\/IMG_6855-1365x2048.jpg 1365w, https:\/\/culturalallianceforthepresentationofthearts.org\/wp-content\/uploads\/2024\/11\/IMG_6855-scaled.jpg 1707w\" sizes=\"(max-width: 200px) 100vw, 200px\" \/>\t\t\t\t\t\t\t\t\t\t\t\t\t\t\t<\/div>\n\t\t\t\t<\/div>\n\t\t\t\t<div class=\"elementor-element elementor-element-ccdf42c elementor-widget elementor-widget-text-editor\" data-id=\"ccdf42c\" data-element_type=\"widget\" data-e-type=\"widget\" data-widget_type=\"text-editor.default\">\n\t\t\t\t<div class=\"elementor-widget-container\">\n\t\t\t\t\t\t\t\t\t<p>Armando Alvarez, Cuban American, businessman and architect, creator of United Solare Garden, kick-starter and founder of the Paseo De las Artes theater, Philanthropist who since he was a child has worked for animals and the environment. Today his greatest passion is dedicated especially to unprotected cats and dogs. He is an optimistic man and a community leader. &#8220;LIFE SMILES AT US&#8221; and so every day he sets an example to the world that with work, dreams can be achieved.<\/p>\t\t\t\t\t\t\t\t<\/div>\n\t\t\t\t<\/div>\n\t\t\t\t<\/div>\n\t\t<div class=\"elementor-element elementor-element-d9229c5 e-con-full e-flex e-con e-child\" data-id=\"d9229c5\" data-element_type=\"container\" data-e-type=\"container\">\n\t\t\t\t<div class=\"elementor-element elementor-element-5327c4e elementor-widget elementor-widget-heading\" data-id=\"5327c4e\" data-element_type=\"widget\" data-e-type=\"widget\" data-widget_type=\"heading.default\">\n\t\t\t\t<div class=\"elementor-widget-container\">\n\t\t\t\t\t<h2 class=\"elementor-heading-title elementor-size-default\">Jorge L. Banos<\/h2>\t\t\t\t<\/div>\n\t\t\t\t<\/div>\n\t\t\t\t<div class=\"elementor-element elementor-element-ae7528e elementor-widget elementor-widget-image\" data-id=\"ae7528e\" data-element_type=\"widget\" data-e-type=\"widget\" data-widget_type=\"image.default\">\n\t\t\t\t<div class=\"elementor-widget-container\">\n\t\t\t\t\t\t\t\t\t\t\t\t\t\t\t<img decoding=\"async\" width=\"300\" height=\"300\" src=\"https:\/\/culturalallianceforthepresentationofthearts.org\/wp-content\/uploads\/2024\/12\/IMG_0981-300x300.jpg\" class=\"attachment-medium size-medium wp-image-204\" alt=\"\" srcset=\"https:\/\/culturalallianceforthepresentationofthearts.org\/wp-content\/uploads\/2024\/12\/IMG_0981-300x300.jpg 300w, https:\/\/culturalallianceforthepresentationofthearts.org\/wp-content\/uploads\/2024\/12\/IMG_0981-1024x1024.jpg 1024w, https:\/\/culturalallianceforthepresentationofthearts.org\/wp-content\/uploads\/2024\/12\/IMG_0981-150x150.jpg 150w, https:\/\/culturalallianceforthepresentationofthearts.org\/wp-content\/uploads\/2024\/12\/IMG_0981-768x768.jpg 768w, https:\/\/culturalallianceforthepresentationofthearts.org\/wp-content\/uploads\/2024\/12\/IMG_0981-1536x1536.jpg 1536w, https:\/\/culturalallianceforthepresentationofthearts.org\/wp-content\/uploads\/2024\/12\/IMG_0981-12x12.jpg 12w, https:\/\/culturalallianceforthepresentationofthearts.org\/wp-content\/uploads\/2024\/12\/IMG_0981.jpg 2048w\" sizes=\"(max-width: 300px) 100vw, 300px\" \/>\t\t\t\t\t\t\t\t\t\t\t\t\t\t\t<\/div>\n\t\t\t\t<\/div>\n\t\t\t\t<div class=\"elementor-element elementor-element-5cd1356 elementor-widget elementor-widget-text-editor\" data-id=\"5cd1356\" data-element_type=\"widget\" data-e-type=\"widget\" data-widget_type=\"text-editor.default\">\n\t\t\t\t<div class=\"elementor-widget-container\">\n\t\t\t\t\t\t\t\t\t<p><span style=\"font-family: inherit; font-size: inherit; font-style: inherit; font-variant-ligatures: inherit; font-variant-caps: inherit; font-weight: inherit; background-color: var(--theme-palette-color-7); color: var(--theme-text-color); letter-spacing: var(--theme-letter-spacing); text-transform: var(--theme-text-transform);\">Cubano Americana, segu\u00ed la profesi\u00f3n de mi padre como contador p\u00fablico.&nbsp;<\/span><span style=\"font-family: inherit; font-size: inherit; font-style: inherit; font-variant-ligatures: inherit; font-variant-caps: inherit; font-weight: inherit; color: var(--theme-text-color); letter-spacing: var(--theme-letter-spacing); text-transform: var(--theme-text-transform); background-color: var(--theme-palette-color-7);\">Habiendo servido en el Cuerpo de Marines de los Estados Unidos, tengo una clara pasi\u00f3n por enfrentar incluso los escenarios m\u00e1s desafiantes relacionados con los impuestos con la m\u00e1s pura determinaci\u00f3n, el conocimiento para hacer lo que sea necesario y la resoluci\u00f3n para realizar la tarea.<\/span><span style=\"font-family: inherit; font-size: inherit; font-style: inherit; font-variant-ligatures: inherit; font-variant-caps: inherit; font-weight: inherit; color: var(--theme-text-color); letter-spacing: var(--theme-letter-spacing); text-transform: var(--theme-text-transform); background-color: var(--theme-palette-color-7);\">Siempre he sido un amante de la naturaleza y de los animales, especialmente de aquellos que no tienen hogar.<\/span><span style=\"font-family: inherit; font-size: inherit; font-style: inherit; font-variant-ligatures: inherit; font-variant-caps: inherit; font-weight: inherit; color: var(--theme-text-color); letter-spacing: var(--theme-letter-spacing); text-transform: var(--theme-text-transform); background-color: var(--theme-palette-color-7);\">Following a plan of action to find solutions that bring clarity for a better world.<\/span><\/p><p><span style=\"font-family: inherit; font-size: inherit; font-style: inherit; font-variant-ligatures: inherit; font-variant-caps: inherit; font-weight: inherit; color: var(--theme-text-color); letter-spacing: var(--theme-letter-spacing); text-transform: var(--theme-text-transform); background-color: var(--theme-palette-color-7);\">\u201cDisciplina y dedicaci\u00f3n para lograr el objetivo\u201d<\/span><\/p>\t\t\t\t\t\t\t\t<\/div>\n\t\t\t\t<\/div>\n\t\t<div class=\"elementor-element elementor-element-0788082 e-con-full e-flex e-con e-child\" data-id=\"0788082\" data-element_type=\"container\" data-e-type=\"container\">\n\t\t\t\t<div class=\"elementor-element elementor-element-0876f31 elementor-widget elementor-widget-heading\" data-id=\"0876f31\" data-element_type=\"widget\" data-e-type=\"widget\" data-widget_type=\"heading.default\">\n\t\t\t\t<div class=\"elementor-widget-container\">\n\t\t\t\t\t<h2 class=\"elementor-heading-title elementor-size-default\">Yesenia Torres<\/h2>\t\t\t\t<\/div>\n\t\t\t\t<\/div>\n\t\t\t\t<div class=\"elementor-element elementor-element-4ba161a elementor-widget elementor-widget-image\" data-id=\"4ba161a\" data-element_type=\"widget\" data-e-type=\"widget\" data-widget_type=\"image.default\">\n\t\t\t\t<div class=\"elementor-widget-container\">\n\t\t\t\t\t\t\t\t\t\t\t\t\t\t\t<img loading=\"lazy\" decoding=\"async\" width=\"300\" height=\"300\" src=\"https:\/\/culturalallianceforthepresentationofthearts.org\/wp-content\/uploads\/2024\/11\/PHOTO-2024-11-15-17-46-10-300x300.jpg\" class=\"attachment-medium size-medium wp-image-142\" alt=\"\" srcset=\"https:\/\/culturalallianceforthepresentationofthearts.org\/wp-content\/uploads\/2024\/11\/PHOTO-2024-11-15-17-46-10-300x300.jpg 300w, https:\/\/culturalallianceforthepresentationofthearts.org\/wp-content\/uploads\/2024\/11\/PHOTO-2024-11-15-17-46-10-150x150.jpg 150w, https:\/\/culturalallianceforthepresentationofthearts.org\/wp-content\/uploads\/2024\/11\/PHOTO-2024-11-15-17-46-10-768x768.jpg 768w, https:\/\/culturalallianceforthepresentationofthearts.org\/wp-content\/uploads\/2024\/11\/PHOTO-2024-11-15-17-46-10.jpg 960w\" sizes=\"(max-width: 300px) 100vw, 300px\" \/>\t\t\t\t\t\t\t\t\t\t\t\t\t\t\t<\/div>\n\t\t\t\t<\/div>\n\t\t\t\t<div class=\"elementor-element elementor-element-77dc8b0 elementor-widget elementor-widget-text-editor\" data-id=\"77dc8b0\" data-element_type=\"widget\" data-e-type=\"widget\" data-widget_type=\"text-editor.default\">\n\t\t\t\t<div class=\"elementor-widget-container\">\n\t\t\t\t\t\t\t\t\t<p><span data-olk-copy-source=\"MessageBody\">Yesenia Torres was born in New York to Colombian parents. When life seemed brighter for her, she was barely 21 years old when she had a car accident that left her permanently paralyzed from the chest down. This for her was the beginning of her Second Life, a Life of Light, Love and Service to those in need. Despite her disability, she has managed to carve out a promising path as a Speaker, Life Coach and activist for the community with reduced mobility. She loves animals, especially the unprotected. She adopted a Dachshund, her Luna, an inseparable companion for many years. Since her furry friend left, today she pays tribute to her by working for homeless dogs and cats. She has given us all a great lesson in courage, resilience, and a demonstration that a bright spirit can light the path for many, especially those in need.<\/span><\/p>\t\t\t\t\t\t\t\t<\/div>\n\t\t\t\t<\/div>\n\t\t\t\t<\/div>\n\t\t\t\t<\/div>\n\t\t<div class=\"elementor-element elementor-element-9f66316 e-con-full e-flex e-con e-child\" data-id=\"9f66316\" data-element_type=\"container\" data-e-type=\"container\">\n\t\t\t\t<div class=\"elementor-element elementor-element-5f90f62 elementor-widget elementor-widget-heading\" data-id=\"5f90f62\" data-element_type=\"widget\" data-e-type=\"widget\" data-widget_type=\"heading.default\">\n\t\t\t\t<div class=\"elementor-widget-container\">\n\t\t\t\t\t<h2 class=\"elementor-heading-title elementor-size-default\">Monica Staples<\/h2>\t\t\t\t<\/div>\n\t\t\t\t<\/div>\n\t\t\t\t<div class=\"elementor-element elementor-element-c84c4c8 elementor-widget elementor-widget-image\" data-id=\"c84c4c8\" data-element_type=\"widget\" data-e-type=\"widget\" data-widget_type=\"image.default\">\n\t\t\t\t<div class=\"elementor-widget-container\">\n\t\t\t\t\t\t\t\t\t\t\t\t\t\t\t<img loading=\"lazy\" decoding=\"async\" width=\"225\" height=\"300\" src=\"https:\/\/culturalallianceforthepresentationofthearts.org\/wp-content\/uploads\/2024\/11\/IMG_8540-225x300.jpeg\" class=\"attachment-medium size-medium wp-image-144\" alt=\"\" srcset=\"https:\/\/culturalallianceforthepresentationofthearts.org\/wp-content\/uploads\/2024\/11\/IMG_8540-225x300.jpeg 225w, https:\/\/culturalallianceforthepresentationofthearts.org\/wp-content\/uploads\/2024\/11\/IMG_8540-768x1024.jpeg 768w, https:\/\/culturalallianceforthepresentationofthearts.org\/wp-content\/uploads\/2024\/11\/IMG_8540-1152x1536.jpeg 1152w, https:\/\/culturalallianceforthepresentationofthearts.org\/wp-content\/uploads\/2024\/11\/IMG_8540.jpeg 1536w\" sizes=\"(max-width: 225px) 100vw, 225px\" \/>\t\t\t\t\t\t\t\t\t\t\t\t\t\t\t<\/div>\n\t\t\t\t<\/div>\n\t\t<div class=\"elementor-element elementor-element-8a150cd e-con-full e-flex e-con e-child\" data-id=\"8a150cd\" data-element_type=\"container\" data-e-type=\"container\">\n\t\t\t\t<div class=\"elementor-element elementor-element-ca22ce5 elementor-widget elementor-widget-heading\" data-id=\"ca22ce5\" data-element_type=\"widget\" data-e-type=\"widget\" data-widget_type=\"heading.default\">\n\t\t\t\t<div class=\"elementor-widget-container\">\n\t\t\t\t\t<h2 class=\"elementor-heading-title elementor-size-default\">Susana Taddei<\/h2>\t\t\t\t<\/div>\n\t\t\t\t<\/div>\n\t\t\t\t<\/div>\n\t\t\t\t<div class=\"elementor-element elementor-element-1d92cae elementor-widget elementor-widget-image\" data-id=\"1d92cae\" data-element_type=\"widget\" data-e-type=\"widget\" data-widget_type=\"image.default\">\n\t\t\t\t<div class=\"elementor-widget-container\">\n\t\t\t\t\t\t\t\t\t\t\t\t\t\t\t<img loading=\"lazy\" decoding=\"async\" width=\"300\" height=\"300\" src=\"https:\/\/culturalallianceforthepresentationofthearts.org\/wp-content\/uploads\/2024\/11\/IMG_20241116_141230_875-300x300.jpg\" class=\"attachment-medium size-medium wp-image-160\" alt=\"\" srcset=\"https:\/\/culturalallianceforthepresentationofthearts.org\/wp-content\/uploads\/2024\/11\/IMG_20241116_141230_875-300x300.jpg 300w, https:\/\/culturalallianceforthepresentationofthearts.org\/wp-content\/uploads\/2024\/11\/IMG_20241116_141230_875-1024x1024.jpg 1024w, https:\/\/culturalallianceforthepresentationofthearts.org\/wp-content\/uploads\/2024\/11\/IMG_20241116_141230_875-150x150.jpg 150w, https:\/\/culturalallianceforthepresentationofthearts.org\/wp-content\/uploads\/2024\/11\/IMG_20241116_141230_875-768x768.jpg 768w, https:\/\/culturalallianceforthepresentationofthearts.org\/wp-content\/uploads\/2024\/11\/IMG_20241116_141230_875-1536x1536.jpg 1536w, https:\/\/culturalallianceforthepresentationofthearts.org\/wp-content\/uploads\/2024\/11\/IMG_20241116_141230_875-2048x2048.jpg 2048w\" sizes=\"(max-width: 300px) 100vw, 300px\" \/>\t\t\t\t\t\t\t\t\t\t\t\t\t\t\t<\/div>\n\t\t\t\t<\/div>\n\t\t\t\t<div class=\"elementor-element elementor-element-142e857 elementor-widget elementor-widget-text-editor\" data-id=\"142e857\" data-element_type=\"widget\" data-e-type=\"widget\" data-widget_type=\"text-editor.default\">\n\t\t\t\t<div class=\"elementor-widget-container\">\n\t\t\t\t\t\t\t\t\t<p><span style=\"caret-color: #000000; text-align: var(--text-align);\"><span style=\"text-align: var(--text-align); background-color: var(--theme-palette-color-7);\">Susana Taddei, Venezuelan American, is a Community Leader, with a degree in Economics and Marketing from Babson College in Boston, working in Government Finance Administration, Emergency Management and Risk Mitigation (FEMA).<\/span><span style=\"color: #000000; font-family: -webkit-standard; font-size: medium;\"><span style=\"font-style: var(--theme-font-style, inherit); font-variant-caps: inherit; letter-spacing: var(--theme-letter-spacing); text-transform: var(--theme-text-transform);\">&nbsp;<\/span><\/span><\/span><span style=\"text-align: var(--text-align);\"><span style=\"color: #000000; font-family: -webkit-standard; font-size: medium;\"><span style=\"caret-color: #000000;\">Currently a member of the Board of Directors of the Sunflower Foundation and spokesperson for Equality Florida. She was previously a member of the Board of the South Florida Symphony Orchestra and Treasurer of 2B ART. Additionally, she served as the Miami-Dade Coordinator for The Pet Project and participated in the Buddy Program at GMHC, the oldest nonprofit organization fighting AIDS in New York City.<\/span><\/span><span style=\"font-family: inherit;\"><span style=\"font-style: inherit; font-variant-caps: inherit; letter-spacing: var(--theme-letter-spacing); text-transform: var(--theme-text-transform);\">.<\/span><\/span><\/span><\/p>\n<p><span style=\"font-family: inherit; font-size: inherit; font-style: inherit; font-variant-caps: inherit; text-align: var(--text-align); letter-spacing: var(--theme-letter-spacing); text-transform: var(--theme-text-transform); text-decoration: var(--theme-text-decoration);\">With a career in banking at Banco Latino and the Royal Bank of Canada, she then became Operations Manager and Controller of the Ozalid Group. Later, she worked as General Director and Corporate Controller of Veneconom\u00eda, a leading economic and political news publication in Venezuela. After moving to New York in 1997, she served as Administrative Manager in the fashion industry with Designer \u00c1ngel S\u00e1nchez. Upon moving to Miami, she worked as Business Development Manager for American Coatings, General Director of Enterprises Trading, and TV Producer at AmericaTeve.<\/span><\/p>\n<p>Ms. Taddei joined the City of Miami\u2019s Emergency Management Division in June 2018 and currently serves as the Senior Budget and Finance Advisor for the Urban Area Security Initiative (UASI) Program. Since April 2020, she has been instrumental in transforming the claims preparation and submission process to the FEMA Public Assistance Grant Program, leading to a successful 99.3% obligation of funds for critical departments, including FIRE, USAR, and POLICE, during the COVID-19 pandemic and beyond. This achievement was recognized nationally by FEMA and earned her a Certificate of Merit from the Miami Mayor\u2019s Office.&nbsp;<\/p><p><span style=\"font-family: inherit; font-size: inherit; font-style: inherit; font-variant-ligatures: inherit; font-variant-caps: inherit; font-weight: inherit; background-color: var(--theme-palette-color-7); color: var(--theme-text-color); letter-spacing: var(--theme-letter-spacing); text-transform: var(--theme-text-transform);\">Ms. Taddei has been nominated for an Emmy and won a GLAAD Media Award for her work as producer of \u201cSobre Todos Los G\u00e9neros.\u201d She also co-produced the documentary \u201cRCTV: El Silencio de la Dignidad,\u201d which has won five awards for Best Documentary and was an official selection at 23 international festivals. A tireless worker for those in need.<\/span><\/p>\t\t\t\t\t\t\t\t<\/div>\n\t\t\t\t<\/div>\n\t\t\t\t<\/div>\n\t\t\t\t\t<\/div>\n\t\t\t\t<\/div>\n\t\t<div class=\"elementor-element elementor-element-7a47085 e-flex e-con-boxed e-con e-parent\" data-id=\"7a47085\" data-element_type=\"container\" data-e-type=\"container\">\n\t\t\t\t\t<div class=\"e-con-inner\">\n\t\t<div class=\"elementor-element elementor-element-1d26a11 e-con-full e-flex e-con e-child\" data-id=\"1d26a11\" data-element_type=\"container\" data-e-type=\"container\">\n\t\t\t\t<div class=\"elementor-element elementor-element-6faae45 elementor-widget elementor-widget-image\" data-id=\"6faae45\" data-element_type=\"widget\" data-e-type=\"widget\" data-widget_type=\"image.default\">\n\t\t\t\t<div class=\"elementor-widget-container\">\n\t\t\t\t\t\t\t\t\t\t\t\t\t\t\t<img loading=\"lazy\" decoding=\"async\" width=\"720\" height=\"960\" src=\"https:\/\/culturalallianceforthepresentationofthearts.org\/wp-content\/uploads\/2024\/11\/thumbnail_IMG_8523.jpg\" class=\"attachment-large size-large wp-image-136\" alt=\"\" srcset=\"https:\/\/culturalallianceforthepresentationofthearts.org\/wp-content\/uploads\/2024\/11\/thumbnail_IMG_8523.jpg 720w, https:\/\/culturalallianceforthepresentationofthearts.org\/wp-content\/uploads\/2024\/11\/thumbnail_IMG_8523-225x300.jpg 225w\" sizes=\"(max-width: 720px) 100vw, 720px\" \/>\t\t\t\t\t\t\t\t\t\t\t\t\t\t\t<\/div>\n\t\t\t\t<\/div>\n\t\t\t\t<\/div>\n\t\t<div class=\"elementor-element elementor-element-46cd864 e-con-full e-flex e-con e-child\" data-id=\"46cd864\" data-element_type=\"container\" data-e-type=\"container\">\n\t\t\t\t<\/div>\n\t\t\t\t\t<\/div>\n\t\t\t\t<\/div>\n\t\t\t\t<\/div>","protected":false},"excerpt":{"rendered":"<p>About Us! Armando Alvarez and Angela Esquivel, passionate about art and nature, have for decades supported art and culture in our city of Miami Florida, USA. A multicultural city full of color and life, which is why in 2015 they created the Paseo de las Artes, a successful theater and cultural events complex that operated [&hellip;]<\/p>\n","protected":false},"author":1,"featured_media":0,"parent":0,"menu_order":0,"comment_status":"closed","ping_status":"closed","template":"elementor_header_footer","meta":{"_coblocks_attr":"","_coblocks_dimensions":"","_coblocks_responsive_height":"","_coblocks_accordion_ie_support":"","footnotes":""},"class_list":["post-14","page","type-page","status-publish","hentry"],"blocksy_meta":[],"_links":{"self":[{"href":"https:\/\/culturalallianceforthepresentationofthearts.org\/es\/wp-json\/wp\/v2\/pages\/14","targetHints":{"allow":["GET"]}}],"collection":[{"href":"https:\/\/culturalallianceforthepresentationofthearts.org\/es\/wp-json\/wp\/v2\/pages"}],"about":[{"href":"https:\/\/culturalallianceforthepresentationofthearts.org\/es\/wp-json\/wp\/v2\/types\/page"}],"author":[{"embeddable":true,"href":"https:\/\/culturalallianceforthepresentationofthearts.org\/es\/wp-json\/wp\/v2\/users\/1"}],"replies":[{"embeddable":true,"href":"https:\/\/culturalallianceforthepresentationofthearts.org\/es\/wp-json\/wp\/v2\/comments?post=14"}],"version-history":[{"count":70,"href":"https:\/\/culturalallianceforthepresentationofthearts.org\/es\/wp-json\/wp\/v2\/pages\/14\/revisions"}],"predecessor-version":[{"id":233,"href":"https:\/\/culturalallianceforthepresentationofthearts.org\/es\/wp-json\/wp\/v2\/pages\/14\/revisions\/233"}],"wp:attachment":[{"href":"https:\/\/culturalallianceforthepresentationofthearts.org\/es\/wp-json\/wp\/v2\/media?parent=14"}],"curies":[{"name":"wp","href":"https:\/\/api.w.org\/{rel}","templated":true}]}}